{"id":29,"date":"2021-01-17T20:35:53","date_gmt":"2021-01-17T19:35:53","guid":{"rendered":"https:\/\/www.peintrecollin.com\/pcw\/?page_id=29"},"modified":"2025-11-28T18:15:44","modified_gmt":"2025-11-28T17:15:44","slug":"fco_page-expo","status":"publish","type":"page","link":"https:\/\/www.peintrecollin.com\/pcw\/fco_page-expo\/","title":{"rendered":"Expo"},"content":{"rendered":"\n<h4 class=\"wp-block-heading\">Expositions pass\u00e9es<\/h4>\n\n\n\n<ul class=\"wp-block-list\">\n<li>Cr\u00eaperie \u00ab\u00a0Le Palais Breton\u00a0\u00bb.  Coulombs.<\/li>\n\n\n\n<li>40\u00e8me Salon Artistique R\u00e9gional de la Vall\u00e9e de l&rsquo;Eure.  Maintenon. <\/li>\n\n\n\n<li>CASTEL&rsquo;ART, Festival artistique. Ch\u00e2teauneuf-en-Thymerais.<\/li>\n\n\n\n<li>32\u00e8me Salon Artistique r\u00e9gional de la vall\u00e9e de l&rsquo;Eure. Maintenon.<\/li>\n\n\n\n<li>Exposition personnelle &#8211; Cr\u00e9dit Agricole. Maintenon.<\/li>\n\n\n\n<li>31\u00e8me Salon Artistique r\u00e9gional de la vall\u00e9e de l&rsquo;Eure. Maintenon.<\/li>\n\n\n\n<li>6\u00e8me FESTI&rsquo;ARTS. Ch\u00e2teauneuf-en-Thymerais.<\/li>\n\n\n\n<li>Restaurant \u00ab\u00a0Au Petit Chaudron\u00a0\u00bb. Chartres.<\/li>\n\n\n\n<li>27\u00e8me Salon de Maintenon. Maintenon \/ Pierres.<\/li>\n\n\n\n<li>29\u00e8me Salon de Chartres. Coll\u00e9giale St Andr\u00e9. Chartres.<\/li>\n\n\n\n<li>Galerie \u00ab\u00a0La Porte du Perche\u00a0\u00bb. Champrond En G\u00e2tine.<\/li>\n\n\n\n<li>28\u00e8me Salon de Chartres. Coll\u00e9giale St Andr\u00e9.  Chartres.<\/li>\n\n\n\n<li>Les Artisanales, Salon national de l&rsquo;artisanat, Chartrexpo. Chartres.<\/li>\n\n\n\n<li>10\u00e8me Exposition St Maixm&rsquo;art. St Maixme Hauterive.<\/li>\n\n\n\n<li>Th\u00e9\u00e2tre de poche. Abbayes St Brice. Chartres.<\/li>\n\n\n\n<li>5\u00e8me March\u00e9 de l&rsquo;Art. Saint-Eliph.<\/li>\n\n\n\n<li>Exposition sur le patrimoine d\u00e9partemental \u00ab\u00a0Les Eur\u00e9liens\u00a0\u00bb, H\u00f4tel de ville.  Chartres.<\/li>\n\n\n\n<li>Galerie d&rsquo;Art \u00ab\u00a0La Petite Hirondelle\u00a0\u00bb, rue de la clouterie. Chartres.<\/li>\n\n\n\n<li>19\u00e8me Salon des Artistes Percherons. Moutiers-au-Perche.<\/li>\n\n\n\n<li>4\u00e8me March\u00e9 de l&rsquo;Art. Saint-Eliph.<\/li>\n\n\n\n<li>Premier Art dans la rue. Champrond-en-G\u00e2tine.<\/li>\n\n\n\n<li>Exposition d&rsquo;Art. Saint-Arnoult-des-Bois.<\/li>\n\n\n\n<li>11\u00e8me \u00ab\u00a012 Heures de l&rsquo;Art\u00a0\u00bb. Miermaigne.<\/li>\n\n\n\n<li>3\u00e8me March\u00e9 de l&rsquo;Art. Saint-Eliph.<\/li>\n\n\n\n<li>1er Salon d&rsquo;Art. L\u00e8ves.<\/li>\n<\/ul>\n","protected":false},"excerpt":{"rendered":"<p>Expositions pass\u00e9es<\/p>\n","protected":false},"author":1,"featured_media":0,"parent":0,"menu_order":0,"comment_status":"closed","ping_status":"closed","template":"template-fullwidth.php","meta":{"footnotes":""},"class_list":["post-29","page","type-page","status-publish","hentry"],"yoast_head":"<!-- This site is optimized with the Yoast SEO plugin v27.0 - https:\/\/yoast.com\/product\/yoast-seo-wordpress\/ -->\n<title>Expo - Fran\u00e7ois Collin - Artiste Peintre - Chartres Beauce Perche Bretagne<\/title>\n<meta name=\"description\" content=\"Agenda des expositions des peintures \u00e0 l&#039;huile et acrylique de l&#039;artiste peintre Fran\u00e7ois COLLIN, proche de Chartres en Eure-et-Loir.\" \/>\n<meta name=\"robots\" content=\"index, follow, max-snippet:-1, max-image-preview:large, max-video-preview:-1\" \/>\n<link rel=\"canonical\" href=\"https:\/\/www.peintrecollin.com\/pcw\/fco_page-expo\/\" \/>\n<meta property=\"og:locale\" content=\"fr_FR\" \/>\n<meta property=\"og:type\" content=\"article\" \/>\n<meta property=\"og:title\" content=\"Expo - Fran\u00e7ois Collin - Artiste Peintre - Chartres Beauce Perche Bretagne\" \/>\n<meta property=\"og:description\" content=\"Agenda des expositions des peintures \u00e0 l&#039;huile et acrylique de l&#039;artiste peintre Fran\u00e7ois COLLIN, proche de Chartres en Eure-et-Loir.\" \/>\n<meta property=\"og:url\" content=\"https:\/\/www.peintrecollin.com\/pcw\/fco_page-expo\/\" \/>\n<meta property=\"og:site_name\" content=\"Fran\u00e7ois Collin\" \/>\n<meta property=\"article:modified_time\" content=\"2025-11-28T17:15:44+00:00\" \/>\n<meta name=\"twitter:card\" content=\"summary_large_image\" \/>\n<script type=\"application\/ld+json\" class=\"yoast-schema-graph\">{\"@context\":\"https:\/\/schema.org\",\"@graph\":[{\"@type\":\"WebPage\",\"@id\":\"https:\/\/www.peintrecollin.com\/pcw\/fco_page-expo\/\",\"url\":\"https:\/\/www.peintrecollin.com\/pcw\/fco_page-expo\/\",\"name\":\"Expo - Fran\u00e7ois Collin - Artiste Peintre - Chartres Beauce Perche Bretagne\",\"isPartOf\":{\"@id\":\"https:\/\/www.peintrecollin.com\/pcw\/#website\"},\"datePublished\":\"2021-01-17T19:35:53+00:00\",\"dateModified\":\"2025-11-28T17:15:44+00:00\",\"description\":\"Agenda des expositions des peintures \u00e0 l'huile et acrylique de l'artiste peintre Fran\u00e7ois COLLIN, proche de Chartres en Eure-et-Loir.\",\"breadcrumb\":{\"@id\":\"https:\/\/www.peintrecollin.com\/pcw\/fco_page-expo\/#breadcrumb\"},\"inLanguage\":\"fr-FR\",\"potentialAction\":[{\"@type\":\"ReadAction\",\"target\":[\"https:\/\/www.peintrecollin.com\/pcw\/fco_page-expo\/\"]}]},{\"@type\":\"BreadcrumbList\",\"@id\":\"https:\/\/www.peintrecollin.com\/pcw\/fco_page-expo\/#breadcrumb\",\"itemListElement\":[{\"@type\":\"ListItem\",\"position\":1,\"name\":\"Accueil\",\"item\":\"https:\/\/www.peintrecollin.com\/pcw\/\"},{\"@type\":\"ListItem\",\"position\":2,\"name\":\"Expo\"}]},{\"@type\":\"WebSite\",\"@id\":\"https:\/\/www.peintrecollin.com\/pcw\/#website\",\"url\":\"https:\/\/www.peintrecollin.com\/pcw\/\",\"name\":\"Fran\u00e7ois Collin\",\"description\":\"Siret : 792 687 972 00010 - APE : 9003A\",\"publisher\":{\"@id\":\"https:\/\/www.peintrecollin.com\/pcw\/#\/schema\/person\/cd114f0559048a553ef862492872ea03\"},\"potentialAction\":[{\"@type\":\"SearchAction\",\"target\":{\"@type\":\"EntryPoint\",\"urlTemplate\":\"https:\/\/www.peintrecollin.com\/pcw\/?s={search_term_string}\"},\"query-input\":{\"@type\":\"PropertyValueSpecification\",\"valueRequired\":true,\"valueName\":\"search_term_string\"}}],\"inLanguage\":\"fr-FR\"},{\"@type\":[\"Person\",\"Organization\"],\"@id\":\"https:\/\/www.peintrecollin.com\/pcw\/#\/schema\/person\/cd114f0559048a553ef862492872ea03\",\"name\":\"Fran\u00e7ois Collin\",\"image\":{\"@type\":\"ImageObject\",\"inLanguage\":\"fr-FR\",\"@id\":\"https:\/\/www.peintrecollin.com\/pcw\/#\/schema\/person\/image\/\",\"url\":\"https:\/\/www.peintrecollin.com\/pcw\/wp-content\/uploads\/2021\/01\/signature-peintre-collin-peinture-huile.png\",\"contentUrl\":\"https:\/\/www.peintrecollin.com\/pcw\/wp-content\/uploads\/2021\/01\/signature-peintre-collin-peinture-huile.png\",\"width\":794,\"height\":499,\"caption\":\"Fran\u00e7ois Collin\"},\"logo\":{\"@id\":\"https:\/\/www.peintrecollin.com\/pcw\/#\/schema\/person\/image\/\"},\"sameAs\":[\"https:\/\/www.peintrecollin.com\/pcw\"]}]}<\/script>\n<!-- \/ Yoast SEO plugin. -->","yoast_head_json":{"title":"Expo - Fran\u00e7ois Collin - Artiste Peintre - Chartres Beauce Perche Bretagne","description":"Agenda des expositions des peintures \u00e0 l'huile et acrylique de l'artiste peintre Fran\u00e7ois COLLIN, proche de Chartres en Eure-et-Loir.","robots":{"index":"index","follow":"follow","max-snippet":"max-snippet:-1","max-image-preview":"max-image-preview:large","max-video-preview":"max-video-preview:-1"},"canonical":"https:\/\/www.peintrecollin.com\/pcw\/fco_page-expo\/","og_locale":"fr_FR","og_type":"article","og_title":"Expo - Fran\u00e7ois Collin - Artiste Peintre - Chartres Beauce Perche Bretagne","og_description":"Agenda des expositions des peintures \u00e0 l'huile et acrylique de l'artiste peintre Fran\u00e7ois COLLIN, proche de Chartres en Eure-et-Loir.","og_url":"https:\/\/www.peintrecollin.com\/pcw\/fco_page-expo\/","og_site_name":"Fran\u00e7ois Collin","article_modified_time":"2025-11-28T17:15:44+00:00","twitter_card":"summary_large_image","schema":{"@context":"https:\/\/schema.org","@graph":[{"@type":"WebPage","@id":"https:\/\/www.peintrecollin.com\/pcw\/fco_page-expo\/","url":"https:\/\/www.peintrecollin.com\/pcw\/fco_page-expo\/","name":"Expo - Fran\u00e7ois Collin - Artiste Peintre - Chartres Beauce Perche Bretagne","isPartOf":{"@id":"https:\/\/www.peintrecollin.com\/pcw\/#website"},"datePublished":"2021-01-17T19:35:53+00:00","dateModified":"2025-11-28T17:15:44+00:00","description":"Agenda des expositions des peintures \u00e0 l'huile et acrylique de l'artiste peintre Fran\u00e7ois COLLIN, proche de Chartres en Eure-et-Loir.","breadcrumb":{"@id":"https:\/\/www.peintrecollin.com\/pcw\/fco_page-expo\/#breadcrumb"},"inLanguage":"fr-FR","potentialAction":[{"@type":"ReadAction","target":["https:\/\/www.peintrecollin.com\/pcw\/fco_page-expo\/"]}]},{"@type":"BreadcrumbList","@id":"https:\/\/www.peintrecollin.com\/pcw\/fco_page-expo\/#breadcrumb","itemListElement":[{"@type":"ListItem","position":1,"name":"Accueil","item":"https:\/\/www.peintrecollin.com\/pcw\/"},{"@type":"ListItem","position":2,"name":"Expo"}]},{"@type":"WebSite","@id":"https:\/\/www.peintrecollin.com\/pcw\/#website","url":"https:\/\/www.peintrecollin.com\/pcw\/","name":"Fran\u00e7ois Collin","description":"Siret : 792 687 972 00010 - APE : 9003A","publisher":{"@id":"https:\/\/www.peintrecollin.com\/pcw\/#\/schema\/person\/cd114f0559048a553ef862492872ea03"},"potentialAction":[{"@type":"SearchAction","target":{"@type":"EntryPoint","urlTemplate":"https:\/\/www.peintrecollin.com\/pcw\/?s={search_term_string}"},"query-input":{"@type":"PropertyValueSpecification","valueRequired":true,"valueName":"search_term_string"}}],"inLanguage":"fr-FR"},{"@type":["Person","Organization"],"@id":"https:\/\/www.peintrecollin.com\/pcw\/#\/schema\/person\/cd114f0559048a553ef862492872ea03","name":"Fran\u00e7ois Collin","image":{"@type":"ImageObject","inLanguage":"fr-FR","@id":"https:\/\/www.peintrecollin.com\/pcw\/#\/schema\/person\/image\/","url":"https:\/\/www.peintrecollin.com\/pcw\/wp-content\/uploads\/2021\/01\/signature-peintre-collin-peinture-huile.png","contentUrl":"https:\/\/www.peintrecollin.com\/pcw\/wp-content\/uploads\/2021\/01\/signature-peintre-collin-peinture-huile.png","width":794,"height":499,"caption":"Fran\u00e7ois Collin"},"logo":{"@id":"https:\/\/www.peintrecollin.com\/pcw\/#\/schema\/person\/image\/"},"sameAs":["https:\/\/www.peintrecollin.com\/pcw"]}]}},"_links":{"self":[{"href":"https:\/\/www.peintrecollin.com\/pcw\/wp-json\/wp\/v2\/pages\/29","targetHints":{"allow":["GET"]}}],"collection":[{"href":"https:\/\/www.peintrecollin.com\/pcw\/wp-json\/wp\/v2\/pages"}],"about":[{"href":"https:\/\/www.peintrecollin.com\/pcw\/wp-json\/wp\/v2\/types\/page"}],"author":[{"embeddable":true,"href":"https:\/\/www.peintrecollin.com\/pcw\/wp-json\/wp\/v2\/users\/1"}],"replies":[{"embeddable":true,"href":"https:\/\/www.peintrecollin.com\/pcw\/wp-json\/wp\/v2\/comments?post=29"}],"version-history":[{"count":5,"href":"https:\/\/www.peintrecollin.com\/pcw\/wp-json\/wp\/v2\/pages\/29\/revisions"}],"predecessor-version":[{"id":519,"href":"https:\/\/www.peintrecollin.com\/pcw\/wp-json\/wp\/v2\/pages\/29\/revisions\/519"}],"wp:attachment":[{"href":"https:\/\/www.peintrecollin.com\/pcw\/wp-json\/wp\/v2\/media?parent=29"}],"curies":[{"name":"wp","href":"https:\/\/api.w.org\/{rel}","templated":true}]}}